{"id":1477,"date":"2025-01-27T20:38:31","date_gmt":"2025-01-27T20:38:31","guid":{"rendered":"https:\/politica-de-privacidad\/"},"modified":"2025-07-28T09:50:59","modified_gmt":"2025-07-28T09:50:59","slug":"politica-de-privacidad","status":"publish","type":"page","link":"https:\/\/carmevelez.com\/es\/politica-de-privacidad\/","title":{"rendered":"Pol\u00edtica de Privacidad"},"content":{"rendered":"\t\t<div data-elementor-type=\"wp-page\" data-elementor-id=\"1477\" class=\"elementor elementor-1477 elementor-381\" data-elementor-post-type=\"page\">\n\t\t\t\t<div class=\"elementor-element elementor-element-395f76f e-flex e-con-boxed e-con e-parent\" data-id=\"395f76f\" data-element_type=\"container\" data-e-type=\"container\" data-settings=\"{&quot;background_background&quot;:&quot;gradient&quot;}\">\n\t\t\t\t\t<div class=\"e-con-inner\">\n\t\t\t\t<div class=\"elementor-element elementor-element-d8442ac elementor-widget elementor-widget-spacer\" data-id=\"d8442ac\" data-element_type=\"widget\" data-e-type=\"widget\" data-widget_type=\"spacer.default\">\n\t\t\t\t<div class=\"elementor-widget-container\">\n\t\t\t\t\t\t\t<div class=\"elementor-spacer\">\n\t\t\t<div class=\"elementor-spacer-inner\"><\/div>\n\t\t<\/div>\n\t\t\t\t\t\t<\/div>\n\t\t\t\t<\/div>\n\t\t\t\t\t<\/div>\n\t\t\t\t<\/div>\n\t\t<div class=\"elementor-element elementor-element-48b4bbc e-flex e-con-boxed e-con e-parent\" data-id=\"48b4bbc\" data-element_type=\"container\" data-e-type=\"container\" data-settings=\"{&quot;background_background&quot;:&quot;gradient&quot;}\">\n\t\t\t\t\t<div class=\"e-con-inner\">\n\t\t\t\t<div class=\"elementor-element elementor-element-674d78b elementor-widget elementor-widget-heading\" data-id=\"674d78b\" data-element_type=\"widget\" data-e-type=\"widget\" data-widget_type=\"heading.default\">\n\t\t\t\t<div class=\"elementor-widget-container\">\n\t\t\t\t\t<h1 class=\"elementor-heading-title elementor-size-default\">Pol\u00edtica de Privacidad<\/h1>\t\t\t\t<\/div>\n\t\t\t\t<\/div>\n\t\t\t\t<div class=\"elementor-element elementor-element-8efdc74 elementor-widget elementor-widget-heading\" data-id=\"8efdc74\" data-element_type=\"widget\" data-e-type=\"widget\" data-widget_type=\"heading.default\">\n\t\t\t\t<div class=\"elementor-widget-container\">\n\t\t\t\t\t<p class=\"elementor-heading-title elementor-size-default\">\u00daltima actualizaci\u00f3n: 25\/11\/2024<\/p>\t\t\t\t<\/div>\n\t\t\t\t<\/div>\n\t\t\t\t<div class=\"elementor-element elementor-element-3c1193a elementor-widget elementor-widget-heading\" data-id=\"3c1193a\" data-element_type=\"widget\" data-e-type=\"widget\" data-widget_type=\"heading.default\">\n\t\t\t\t<div class=\"elementor-widget-container\">\n\t\t\t\t\t<h2 class=\"elementor-heading-title elementor-size-default\">1. Introducci\u00f3n<\/h2>\t\t\t\t<\/div>\n\t\t\t\t<\/div>\n\t\t\t\t<div class=\"elementor-element elementor-element-f46a908 elementor-widget elementor-widget-text-editor\" data-id=\"f46a908\" data-element_type=\"widget\" data-e-type=\"widget\" data-widget_type=\"text-editor.default\">\n\t\t\t\t<div class=\"elementor-widget-container\">\n\t\t\t\t\t\t\t\t\t<p><span style=\"font-weight: 400;\">Esta Pol\u00edtica de Privacidad regula el tratamiento de datos personales en el sitio web https:\/\/www.carmevelez.com (en adelante, el \u201cSitio Web\u201d), titularidad de CARME V\u00c9LEZ CASELLAS, con domicilio en C\/ Dels Pins n\u00ba5, 17258 Pals, Girona y NIF 46772916R (en adelante, el \u00abResponsable\u00bb).<\/span><\/p><p><span style=\"font-weight: 400;\">Nos comprometemos a proteger tu privacidad y a garantizar que tus datos personales se traten de forma legal, leal y transparente, en cumplimiento del Reglamento (UE) 2016\/679 (RGPD) y la Ley Org\u00e1nica 3\/2018 de Protecci\u00f3n de Datos Personales y garant\u00eda de los derechos digitales (LOPDGDD).<\/span><\/p>\t\t\t\t\t\t\t\t<\/div>\n\t\t\t\t<\/div>\n\t\t\t\t<div class=\"elementor-element elementor-element-0557068 elementor-widget elementor-widget-heading\" data-id=\"0557068\" data-element_type=\"widget\" data-e-type=\"widget\" data-widget_type=\"heading.default\">\n\t\t\t\t<div class=\"elementor-widget-container\">\n\t\t\t\t\t<h2 class=\"elementor-heading-title elementor-size-default\">2. Responsable del tratamiento<\/h2>\t\t\t\t<\/div>\n\t\t\t\t<\/div>\n\t\t\t\t<div class=\"elementor-element elementor-element-2f00041 elementor-widget elementor-widget-text-editor\" data-id=\"2f00041\" data-element_type=\"widget\" data-e-type=\"widget\" data-widget_type=\"text-editor.default\">\n\t\t\t\t<div class=\"elementor-widget-container\">\n\t\t\t\t\t\t\t\t\t<p><span style=\"font-weight: 400;\">Nombre: Carme V\u00e9lez Casellas<\/span><\/p><p><span style=\"font-weight: 400;\">Direcci\u00f3n: C\/ Dels Pins n\u00ba5, 17258 Pals, Girona<\/span><\/p><p><span style=\"font-weight: 400;\">NIF: 46772916R<\/span><\/p><p><span style=\"font-weight: 400;\">Tel\u00e9fono de contacto: +34 660 72 88 05<\/span><\/p><p><span style=\"font-weight: 400;\">Correo electr\u00f3nico: info@carmevelez.com<\/span><\/p>\t\t\t\t\t\t\t\t<\/div>\n\t\t\t\t<\/div>\n\t\t\t\t<div class=\"elementor-element elementor-element-1e18d5d elementor-widget elementor-widget-heading\" data-id=\"1e18d5d\" data-element_type=\"widget\" data-e-type=\"widget\" data-widget_type=\"heading.default\">\n\t\t\t\t<div class=\"elementor-widget-container\">\n\t\t\t\t\t<h2 class=\"elementor-heading-title elementor-size-default\">3. Datos personales que recogemos<\/h2>\t\t\t\t<\/div>\n\t\t\t\t<\/div>\n\t\t\t\t<div class=\"elementor-element elementor-element-df7f669 elementor-widget elementor-widget-text-editor\" data-id=\"df7f669\" data-element_type=\"widget\" data-e-type=\"widget\" data-widget_type=\"text-editor.default\">\n\t\t\t\t<div class=\"elementor-widget-container\">\n\t\t\t\t\t\t\t\t\t<p><span style=\"font-weight: 400;\">Los datos personales que podemos recoger a trav\u00e9s del Sitio Web incluyen:<\/span><\/p><p><span style=\"font-weight: 400;\">Datos identificativos: Nombre, apellidos, correo electr\u00f3nico, tel\u00e9fono, direcci\u00f3n postal.<\/span><\/p><p><span style=\"font-weight: 400;\">Informaci\u00f3n de navegaci\u00f3n: Direcci\u00f3n IP, tipos de navegador, idioma, p\u00e1ginas visitadas.<\/span><\/p><p><span style=\"font-weight: 400;\">Datos proporcionados voluntariamente: Informaci\u00f3n que nos proporcionas mediante formularios de contacto.<\/span><\/p><p><span style=\"font-weight: 400;\">No tratamos categor\u00edas especiales de datos personales (datos sensibles) excepto si es estrictamente necesario y siempre con tu previo consentimiento.<\/span><\/p>\t\t\t\t\t\t\t\t<\/div>\n\t\t\t\t<\/div>\n\t\t\t\t<div class=\"elementor-element elementor-element-2e817bd elementor-widget elementor-widget-heading\" data-id=\"2e817bd\" data-element_type=\"widget\" data-e-type=\"widget\" data-widget_type=\"heading.default\">\n\t\t\t\t<div class=\"elementor-widget-container\">\n\t\t\t\t\t<h2 class=\"elementor-heading-title elementor-size-default\">4. Finalidad del tratamiento<\/h2>\t\t\t\t<\/div>\n\t\t\t\t<\/div>\n\t\t\t\t<div class=\"elementor-element elementor-element-557b3f5 elementor-widget elementor-widget-text-editor\" data-id=\"557b3f5\" data-element_type=\"widget\" data-e-type=\"widget\" data-widget_type=\"text-editor.default\">\n\t\t\t\t<div class=\"elementor-widget-container\">\n\t\t\t\t\t\t\t\t\t<p><span style=\"font-weight: 400;\">Utilizaremos tus datos personales para las siguientes finalidades:<\/span><\/p><p><span style=\"font-weight: 400;\">Gesti\u00f3n de consultas y comunicaciones: Atender solicitudes o consultas enviadas a trav\u00e9s del formulario de contacto.<\/span><\/p><p><span style=\"font-weight: 400;\">Mejora del Sitio Web: Analizar el uso del Sitio Web para optimizar tu experiencia de navegaci\u00f3n.<\/span><\/p>\t\t\t\t\t\t\t\t<\/div>\n\t\t\t\t<\/div>\n\t\t\t\t<div class=\"elementor-element elementor-element-59707c1 elementor-widget elementor-widget-heading\" data-id=\"59707c1\" data-element_type=\"widget\" data-e-type=\"widget\" data-widget_type=\"heading.default\">\n\t\t\t\t<div class=\"elementor-widget-container\">\n\t\t\t\t\t<h2 class=\"elementor-heading-title elementor-size-default\">5. Base legal del tratamiento<\/h2>\t\t\t\t<\/div>\n\t\t\t\t<\/div>\n\t\t\t\t<div class=\"elementor-element elementor-element-cf03c00 elementor-widget elementor-widget-text-editor\" data-id=\"cf03c00\" data-element_type=\"widget\" data-e-type=\"widget\" data-widget_type=\"text-editor.default\">\n\t\t\t\t<div class=\"elementor-widget-container\">\n\t\t\t\t\t\t\t\t\t<p><span style=\"font-weight: 400;\">El tratamiento de tus datos personales se realiza en base a las siguientes bases legales:<\/span><\/p><p><span style=\"font-weight: 400;\">Ejecuci\u00f3n de un contrato: Para gestionar servicios que nos hayas solicitado.<\/span><\/p><p><span style=\"font-weight: 400;\">Inter\u00e9s leg\u00edtimo: Para analizar y mejorar nuestros servicios o asegurar la seguridad del Sitio Web.<\/span><\/p><p><span style=\"font-weight: 400;\">Cumplimiento de obligaciones legales: Por cumplir con obligaciones derivadas de la normativa aplicable.<\/span><\/p>\t\t\t\t\t\t\t\t<\/div>\n\t\t\t\t<\/div>\n\t\t\t\t<div class=\"elementor-element elementor-element-3143205 elementor-widget elementor-widget-heading\" data-id=\"3143205\" data-element_type=\"widget\" data-e-type=\"widget\" data-widget_type=\"heading.default\">\n\t\t\t\t<div class=\"elementor-widget-container\">\n\t\t\t\t\t<h2 class=\"elementor-heading-title elementor-size-default\">6. Conservaci\u00f3n de los datos<\/h2>\t\t\t\t<\/div>\n\t\t\t\t<\/div>\n\t\t\t\t<div class=\"elementor-element elementor-element-517e1d6 elementor-widget elementor-widget-text-editor\" data-id=\"517e1d6\" data-element_type=\"widget\" data-e-type=\"widget\" data-widget_type=\"text-editor.default\">\n\t\t\t\t<div class=\"elementor-widget-container\">\n\t\t\t\t\t\t\t\t\t<p><span style=\"font-weight: 400;\">Conservaremos tus datos personales s\u00f3lo mientras sea necesario para los fines para los que fueron recogidos, o para cumplir con obligaciones legales. Cuando los datos dejen de ser necesarios, se eliminar\u00e1n de forma segura. <\/span><\/p>\t\t\t\t\t\t\t\t<\/div>\n\t\t\t\t<\/div>\n\t\t\t\t<div class=\"elementor-element elementor-element-15ce794 elementor-widget elementor-widget-heading\" data-id=\"15ce794\" data-element_type=\"widget\" data-e-type=\"widget\" data-widget_type=\"heading.default\">\n\t\t\t\t<div class=\"elementor-widget-container\">\n\t\t\t\t\t<h2 class=\"elementor-heading-title elementor-size-default\">7. Destinatarios de tus datos<\/h2>\t\t\t\t<\/div>\n\t\t\t\t<\/div>\n\t\t\t\t<div class=\"elementor-element elementor-element-8f97164 elementor-widget elementor-widget-text-editor\" data-id=\"8f97164\" data-element_type=\"widget\" data-e-type=\"widget\" data-widget_type=\"text-editor.default\">\n\t\t\t\t<div class=\"elementor-widget-container\">\n\t\t\t\t\t\t\t\t\t<p><span style=\"font-weight: 400;\">Tus datos personales no se ceder\u00e1n a terceros, salvo en los siguientes casos:<\/span><\/p><p><span style=\"font-weight: 400;\">Por cumplir con obligaciones legales.<\/span><\/p><p><span style=\"font-weight: 400;\">Con proveedores de servicios que act\u00faen como encargados del tratamiento (por ejemplo, servicios de alojamiento web, env\u00edo de correos electr\u00f3nicos o anal\u00edtica). Estos proveedores estar\u00e1n sujetos a estrictas obligaciones de confidencialidad y cumplir\u00e1n con el RGPD.<\/span><\/p>\t\t\t\t\t\t\t\t<\/div>\n\t\t\t\t<\/div>\n\t\t\t\t<div class=\"elementor-element elementor-element-8e825c7 elementor-widget elementor-widget-heading\" data-id=\"8e825c7\" data-element_type=\"widget\" data-e-type=\"widget\" data-widget_type=\"heading.default\">\n\t\t\t\t<div class=\"elementor-widget-container\">\n\t\t\t\t\t<h2 class=\"elementor-heading-title elementor-size-default\">8. Derechos de los usuarios<\/h2>\t\t\t\t<\/div>\n\t\t\t\t<\/div>\n\t\t\t\t<div class=\"elementor-element elementor-element-3b26604 elementor-widget elementor-widget-text-editor\" data-id=\"3b26604\" data-element_type=\"widget\" data-e-type=\"widget\" data-widget_type=\"text-editor.default\">\n\t\t\t\t<div class=\"elementor-widget-container\">\n\t\t\t\t\t\t\t\t\t<p><span style=\"font-weight: 400;\">Como usuario, tienes los siguientes derechos en relaci\u00f3n a tus datos personales:<\/span><\/p><p><span style=\"font-weight: 400;\">Acceso: Conocer qu\u00e9 datos tratamos sobre ti.<\/span><\/p><p><span style=\"font-weight: 400;\">Rectificaci\u00f3n: Solicitar la correcci\u00f3n de datos inexactos o incompletos.<\/span><\/p><p><span style=\"font-weight: 400;\">Supresi\u00f3n: Pedir que eliminemos tus datos cuando ya no sean necesarios.<\/span><\/p><p><span style=\"font-weight: 400;\">Limitaci\u00f3n del tratamiento: Restringir el tratamiento de tus datos en determinadas circunstancias.<\/span><\/p><p><span style=\"font-weight: 400;\">Portabilidad: Solicitar tus datos en un formato estructurado y legible.<\/span><\/p><p><span style=\"font-weight: 400;\">Oposici\u00f3n: Oponerte al tratamiento de tus datos por motivos leg\u00edtimos.<\/span><\/p><p><span style=\"font-weight: 400;\">Para ejercitar estos derechos, puedes enviar una solicitud escrita a:<\/span><\/p><p><span style=\"font-weight: 400;\">Direcci\u00f3n postal: C\/ Dels Pins n\u00ba5, 17258 Pals, Girona.<\/span><\/p><p><span style=\"font-weight: 400;\">Correo electr\u00f3nico: info@carmevelez.com<\/span><\/p><p><span style=\"font-weight: 400;\">Adem\u00e1s, tienes derecho a presentar reclamaci\u00f3n ante la Agencia Espa\u00f1ola de Protecci\u00f3n de Datos (www.aepd.es) si consideras que se han vulnerado tus derechos.<\/span><\/p>\t\t\t\t\t\t\t\t<\/div>\n\t\t\t\t<\/div>\n\t\t\t\t<div class=\"elementor-element elementor-element-0d8dc3f elementor-widget elementor-widget-heading\" data-id=\"0d8dc3f\" data-element_type=\"widget\" data-e-type=\"widget\" data-widget_type=\"heading.default\">\n\t\t\t\t<div class=\"elementor-widget-container\">\n\t\t\t\t\t<h2 class=\"elementor-heading-title elementor-size-default\">9. Seguridad de los datos<\/h2>\t\t\t\t<\/div>\n\t\t\t\t<\/div>\n\t\t\t\t<div class=\"elementor-element elementor-element-4b61483 elementor-widget elementor-widget-text-editor\" data-id=\"4b61483\" data-element_type=\"widget\" data-e-type=\"widget\" data-widget_type=\"text-editor.default\">\n\t\t\t\t<div class=\"elementor-widget-container\">\n\t\t\t\t\t\t\t\t\t<p><span style=\"font-weight: 400;\">Implementamos medidas t\u00e9cnicas y organizativas adecuadas para proteger tus datos personales frente a accesos no autorizados, p\u00e9rdidas o divulgaciones.<\/span><\/p>\t\t\t\t\t\t\t\t<\/div>\n\t\t\t\t<\/div>\n\t\t\t\t<div class=\"elementor-element elementor-element-38fc015 elementor-widget elementor-widget-heading\" data-id=\"38fc015\" data-element_type=\"widget\" data-e-type=\"widget\" data-widget_type=\"heading.default\">\n\t\t\t\t<div class=\"elementor-widget-container\">\n\t\t\t\t\t<h2 class=\"elementor-heading-title elementor-size-default\">10. Cookies<\/h2>\t\t\t\t<\/div>\n\t\t\t\t<\/div>\n\t\t\t\t<div class=\"elementor-element elementor-element-97b64ac elementor-widget elementor-widget-text-editor\" data-id=\"97b64ac\" data-element_type=\"widget\" data-e-type=\"widget\" data-widget_type=\"text-editor.default\">\n\t\t\t\t<div class=\"elementor-widget-container\">\n\t\t\t\t\t\t\t\t\t<p><span style=\"font-weight: 400;\">Este sitio web utiliza cookies para mejorar tu experiencia de navegaci\u00f3n. Puedes obtener m\u00e1s informaci\u00f3n en nuestra Pol\u00edtica de Cookies.<\/span><\/p>\t\t\t\t\t\t\t\t<\/div>\n\t\t\t\t<\/div>\n\t\t\t\t<div class=\"elementor-element elementor-element-2cf4edf elementor-widget elementor-widget-heading\" data-id=\"2cf4edf\" data-element_type=\"widget\" data-e-type=\"widget\" data-widget_type=\"heading.default\">\n\t\t\t\t<div class=\"elementor-widget-container\">\n\t\t\t\t\t<h2 class=\"elementor-heading-title elementor-size-default\">11. Enlaces a terceros<\/h2>\t\t\t\t<\/div>\n\t\t\t\t<\/div>\n\t\t\t\t<div class=\"elementor-element elementor-element-4fce56b elementor-widget elementor-widget-text-editor\" data-id=\"4fce56b\" data-element_type=\"widget\" data-e-type=\"widget\" data-widget_type=\"text-editor.default\">\n\t\t\t\t<div class=\"elementor-widget-container\">\n\t\t\t\t\t\t\t\t\t<p><span style=\"font-weight: 400;\">El Sitio Web puede contener enlaces a otros sitios Web. No somos responsables de las pol\u00edticas de privacidad ni del contenido de estos sitios externos.<\/span><\/p>\t\t\t\t\t\t\t\t<\/div>\n\t\t\t\t<\/div>\n\t\t\t\t<div class=\"elementor-element elementor-element-51af7d3 elementor-widget elementor-widget-heading\" data-id=\"51af7d3\" data-element_type=\"widget\" data-e-type=\"widget\" data-widget_type=\"heading.default\">\n\t\t\t\t<div class=\"elementor-widget-container\">\n\t\t\t\t\t<h2 class=\"elementor-heading-title elementor-size-default\">12. Modificaciones de la pol\u00edtica de privacidad<\/h2>\t\t\t\t<\/div>\n\t\t\t\t<\/div>\n\t\t\t\t<div class=\"elementor-element elementor-element-f0116e5 elementor-widget elementor-widget-text-editor\" data-id=\"f0116e5\" data-element_type=\"widget\" data-e-type=\"widget\" data-widget_type=\"text-editor.default\">\n\t\t\t\t<div class=\"elementor-widget-container\">\n\t\t\t\t\t\t\t\t\t<p><span style=\"font-weight: 400;\">Nos reservamos el derecho a modificar esta Pol\u00edtica de Privacidad para adaptarla a cambios legislativos o de servicio. Cualquier modificaci\u00f3n se comunicar\u00e1 al Sitio Web y surtir\u00e1 efecto desde su publicaci\u00f3n.<\/span><\/p>\t\t\t\t\t\t\t\t<\/div>\n\t\t\t\t<\/div>\n\t\t\t\t\t<\/div>\n\t\t\t\t<\/div>\n\t\t\t\t<\/div>\n\t\t","protected":false},"excerpt":{"rendered":"<p>P\u00e1gina de pol\u00edtica de privacidad de la web de Carme V\u00e9lez<\/p>\n","protected":false},"author":3,"featured_media":811,"parent":0,"menu_order":0,"comment_status":"closed","ping_status":"closed","template":"","meta":{"footnotes":""},"class_list":["post-1477","page","type-page","status-publish","has-post-thumbnail","hentry"],"yoast_head":"<!-- This site is optimized with the Yoast SEO plugin v27.4 - https:\/\/yoast.com\/product\/yoast-seo-wordpress\/ -->\n<title>Pol\u00edtica de Privacidad - Carme Velez<\/title>\n<meta name=\"robots\" content=\"index, follow, max-snippet:-1, max-image-preview:large, max-video-preview:-1\" \/>\n<link rel=\"canonical\" href=\"https:\/\/carmevelez.com\/es\/politica-de-privacidad\/\" \/>\n<meta property=\"og:locale\" content=\"es_ES\" \/>\n<meta property=\"og:type\" content=\"article\" \/>\n<meta property=\"og:title\" content=\"Pol\u00edtica de Privacidad - Carme Velez\" \/>\n<meta property=\"og:description\" content=\"P\u00e1gina de pol\u00edtica de privacidad de la web de Carme V\u00e9lez\" \/>\n<meta property=\"og:url\" content=\"https:\/\/carmevelez.com\/es\/politica-de-privacidad\/\" \/>\n<meta property=\"og:site_name\" content=\"Carme Velez\" \/>\n<meta property=\"article:modified_time\" content=\"2025-07-28T09:50:59+00:00\" \/>\n<meta property=\"og:image\" content=\"https:\/\/carmevelez.com\/wp-content\/uploads\/2024\/12\/img-projectes-interior-lorem-ipsum.jpg\" \/>\n\t<meta property=\"og:image:width\" content=\"463\" \/>\n\t<meta property=\"og:image:height\" content=\"296\" \/>\n\t<meta property=\"og:image:type\" content=\"image\/jpeg\" \/>\n<meta name=\"twitter:card\" content=\"summary_large_image\" \/>\n<meta name=\"twitter:label1\" content=\"Tiempo de lectura\" \/>\n\t<meta name=\"twitter:data1\" content=\"3 minutos\" \/>\n<script type=\"application\/ld+json\" class=\"yoast-schema-graph\">{\"@context\":\"https:\\\/\\\/schema.org\",\"@graph\":[{\"@type\":\"WebPage\",\"@id\":\"https:\\\/\\\/carmevelez.com\\\/es\\\/politica-de-privacidad\\\/\",\"url\":\"https:\\\/\\\/carmevelez.com\\\/es\\\/politica-de-privacidad\\\/\",\"name\":\"Pol\u00edtica de Privacidad - Carme Velez\",\"isPartOf\":{\"@id\":\"https:\\\/\\\/carmevelez.com\\\/es\\\/#website\"},\"primaryImageOfPage\":{\"@id\":\"https:\\\/\\\/carmevelez.com\\\/es\\\/politica-de-privacidad\\\/#primaryimage\"},\"image\":{\"@id\":\"https:\\\/\\\/carmevelez.com\\\/es\\\/politica-de-privacidad\\\/#primaryimage\"},\"thumbnailUrl\":\"https:\\\/\\\/carmevelez.com\\\/wp-content\\\/uploads\\\/2024\\\/12\\\/img-projectes-interior-lorem-ipsum.jpg\",\"datePublished\":\"2025-01-27T20:38:31+00:00\",\"dateModified\":\"2025-07-28T09:50:59+00:00\",\"breadcrumb\":{\"@id\":\"https:\\\/\\\/carmevelez.com\\\/es\\\/politica-de-privacidad\\\/#breadcrumb\"},\"inLanguage\":\"es\",\"potentialAction\":[{\"@type\":\"ReadAction\",\"target\":[\"https:\\\/\\\/carmevelez.com\\\/es\\\/politica-de-privacidad\\\/\"]}]},{\"@type\":\"ImageObject\",\"inLanguage\":\"es\",\"@id\":\"https:\\\/\\\/carmevelez.com\\\/es\\\/politica-de-privacidad\\\/#primaryimage\",\"url\":\"https:\\\/\\\/carmevelez.com\\\/wp-content\\\/uploads\\\/2024\\\/12\\\/img-projectes-interior-lorem-ipsum.jpg\",\"contentUrl\":\"https:\\\/\\\/carmevelez.com\\\/wp-content\\\/uploads\\\/2024\\\/12\\\/img-projectes-interior-lorem-ipsum.jpg\",\"width\":463,\"height\":296},{\"@type\":\"BreadcrumbList\",\"@id\":\"https:\\\/\\\/carmevelez.com\\\/es\\\/politica-de-privacidad\\\/#breadcrumb\",\"itemListElement\":[{\"@type\":\"ListItem\",\"position\":1,\"name\":\"Inici\",\"item\":\"https:\\\/\\\/carmevelez.com\\\/es\\\/\"},{\"@type\":\"ListItem\",\"position\":2,\"name\":\"Pol\u00edtica de Privacidad\"}]},{\"@type\":\"WebSite\",\"@id\":\"https:\\\/\\\/carmevelez.com\\\/es\\\/#website\",\"url\":\"https:\\\/\\\/carmevelez.com\\\/es\\\/\",\"name\":\"Carme Velez\",\"description\":\"\",\"potentialAction\":[{\"@type\":\"SearchAction\",\"target\":{\"@type\":\"EntryPoint\",\"urlTemplate\":\"https:\\\/\\\/carmevelez.com\\\/es\\\/?s={search_term_string}\"},\"query-input\":{\"@type\":\"PropertyValueSpecification\",\"valueRequired\":true,\"valueName\":\"search_term_string\"}}],\"inLanguage\":\"es\"}]}<\/script>\n<!-- \/ Yoast SEO plugin. -->","yoast_head_json":{"title":"Pol\u00edtica de Privacidad - Carme Velez","robots":{"index":"index","follow":"follow","max-snippet":"max-snippet:-1","max-image-preview":"max-image-preview:large","max-video-preview":"max-video-preview:-1"},"canonical":"https:\/\/carmevelez.com\/es\/politica-de-privacidad\/","og_locale":"es_ES","og_type":"article","og_title":"Pol\u00edtica de Privacidad - Carme Velez","og_description":"P\u00e1gina de pol\u00edtica de privacidad de la web de Carme V\u00e9lez","og_url":"https:\/\/carmevelez.com\/es\/politica-de-privacidad\/","og_site_name":"Carme Velez","article_modified_time":"2025-07-28T09:50:59+00:00","og_image":[{"width":463,"height":296,"url":"https:\/\/carmevelez.com\/wp-content\/uploads\/2024\/12\/img-projectes-interior-lorem-ipsum.jpg","type":"image\/jpeg"}],"twitter_card":"summary_large_image","twitter_misc":{"Tiempo de lectura":"3 minutos"},"schema":{"@context":"https:\/\/schema.org","@graph":[{"@type":"WebPage","@id":"https:\/\/carmevelez.com\/es\/politica-de-privacidad\/","url":"https:\/\/carmevelez.com\/es\/politica-de-privacidad\/","name":"Pol\u00edtica de Privacidad - Carme Velez","isPartOf":{"@id":"https:\/\/carmevelez.com\/es\/#website"},"primaryImageOfPage":{"@id":"https:\/\/carmevelez.com\/es\/politica-de-privacidad\/#primaryimage"},"image":{"@id":"https:\/\/carmevelez.com\/es\/politica-de-privacidad\/#primaryimage"},"thumbnailUrl":"https:\/\/carmevelez.com\/wp-content\/uploads\/2024\/12\/img-projectes-interior-lorem-ipsum.jpg","datePublished":"2025-01-27T20:38:31+00:00","dateModified":"2025-07-28T09:50:59+00:00","breadcrumb":{"@id":"https:\/\/carmevelez.com\/es\/politica-de-privacidad\/#breadcrumb"},"inLanguage":"es","potentialAction":[{"@type":"ReadAction","target":["https:\/\/carmevelez.com\/es\/politica-de-privacidad\/"]}]},{"@type":"ImageObject","inLanguage":"es","@id":"https:\/\/carmevelez.com\/es\/politica-de-privacidad\/#primaryimage","url":"https:\/\/carmevelez.com\/wp-content\/uploads\/2024\/12\/img-projectes-interior-lorem-ipsum.jpg","contentUrl":"https:\/\/carmevelez.com\/wp-content\/uploads\/2024\/12\/img-projectes-interior-lorem-ipsum.jpg","width":463,"height":296},{"@type":"BreadcrumbList","@id":"https:\/\/carmevelez.com\/es\/politica-de-privacidad\/#breadcrumb","itemListElement":[{"@type":"ListItem","position":1,"name":"Inici","item":"https:\/\/carmevelez.com\/es\/"},{"@type":"ListItem","position":2,"name":"Pol\u00edtica de Privacidad"}]},{"@type":"WebSite","@id":"https:\/\/carmevelez.com\/es\/#website","url":"https:\/\/carmevelez.com\/es\/","name":"Carme Velez","description":"","potentialAction":[{"@type":"SearchAction","target":{"@type":"EntryPoint","urlTemplate":"https:\/\/carmevelez.com\/es\/?s={search_term_string}"},"query-input":{"@type":"PropertyValueSpecification","valueRequired":true,"valueName":"search_term_string"}}],"inLanguage":"es"}]}},"_links":{"self":[{"href":"https:\/\/carmevelez.com\/es\/wp-json\/wp\/v2\/pages\/1477","targetHints":{"allow":["GET"]}}],"collection":[{"href":"https:\/\/carmevelez.com\/es\/wp-json\/wp\/v2\/pages"}],"about":[{"href":"https:\/\/carmevelez.com\/es\/wp-json\/wp\/v2\/types\/page"}],"author":[{"embeddable":true,"href":"https:\/\/carmevelez.com\/es\/wp-json\/wp\/v2\/users\/3"}],"replies":[{"embeddable":true,"href":"https:\/\/carmevelez.com\/es\/wp-json\/wp\/v2\/comments?post=1477"}],"version-history":[{"count":4,"href":"https:\/\/carmevelez.com\/es\/wp-json\/wp\/v2\/pages\/1477\/revisions"}],"predecessor-version":[{"id":2237,"href":"https:\/\/carmevelez.com\/es\/wp-json\/wp\/v2\/pages\/1477\/revisions\/2237"}],"wp:featuredmedia":[{"embeddable":true,"href":"https:\/\/carmevelez.com\/es\/wp-json\/wp\/v2\/media\/811"}],"wp:attachment":[{"href":"https:\/\/carmevelez.com\/es\/wp-json\/wp\/v2\/media?parent=1477"}],"curies":[{"name":"wp","href":"https:\/\/api.w.org\/{rel}","templated":true}]}}