{"id":1491,"date":"2025-01-20T22:37:25","date_gmt":"2025-01-20T22:37:25","guid":{"rendered":"https:\/parques\/"},"modified":"2025-08-08T10:03:18","modified_gmt":"2025-08-08T10:03:18","slug":"espacios-naturales-protegidos","status":"publish","type":"page","link":"https:\/\/carmevelez.com\/es\/espacios-naturales-protegidos\/","title":{"rendered":"Espacios Naturales Protegidos"},"content":{"rendered":"\t\t<div data-elementor-type=\"wp-page\" data-elementor-id=\"1491\" class=\"elementor elementor-1491 elementor-263\" data-elementor-post-type=\"page\">\n\t\t\t\t<div class=\"elementor-element elementor-element-607df42 e-flex e-con-boxed e-con e-parent\" data-id=\"607df42\" data-element_type=\"container\" data-e-type=\"container\" data-settings=\"{&quot;background_background&quot;:&quot;gradient&quot;,&quot;shape_divider_bottom&quot;:&quot;tilt&quot;}\">\n\t\t\t\t\t<div class=\"e-con-inner\">\n\t\t\t\t<div class=\"elementor-shape elementor-shape-bottom\" aria-hidden=\"true\" data-negative=\"false\">\n\t\t\t<svg xmlns=\"http:\/\/www.w3.org\/2000\/svg\" viewBox=\"0 0 1000 100\" preserveAspectRatio=\"none\">\n\t<path class=\"elementor-shape-fill\" d=\"M0,6V0h1000v100L0,6z\"\/>\n<\/svg>\t\t<\/div>\n\t\t\t\t<div class=\"elementor-element elementor-element-e028667 elementor-widget__width-initial elementor-widget-tablet__width-initial elementor-widget-mobile__width-initial elementor-widget elementor-widget-heading\" data-id=\"e028667\" data-element_type=\"widget\" data-e-type=\"widget\" data-widget_type=\"heading.default\">\n\t\t\t\t<div class=\"elementor-widget-container\">\n\t\t\t\t\t<h1 class=\"elementor-heading-title elementor-size-default\">Haz compatible el turismo\n con la conservaci\u00f3n<\/h1>\t\t\t\t<\/div>\n\t\t\t\t<\/div>\n\t\t\t\t\t<\/div>\n\t\t\t\t<\/div>\n\t\t<div class=\"elementor-element elementor-element-80aa5d4 e-flex e-con-boxed e-con e-parent\" data-id=\"80aa5d4\" data-element_type=\"container\" data-e-type=\"container\" data-settings=\"{&quot;shape_divider_bottom&quot;:&quot;tilt&quot;}\">\n\t\t\t\t\t<div class=\"e-con-inner\">\n\t\t\t\t<div class=\"elementor-shape elementor-shape-bottom\" aria-hidden=\"true\" data-negative=\"false\">\n\t\t\t<svg xmlns=\"http:\/\/www.w3.org\/2000\/svg\" viewBox=\"0 0 1000 100\" preserveAspectRatio=\"none\">\n\t<path class=\"elementor-shape-fill\" d=\"M0,6V0h1000v100L0,6z\"\/>\n<\/svg>\t\t<\/div>\n\t\t<div class=\"elementor-element elementor-element-03fc4e8 e-con-full e-flex e-con e-child\" data-id=\"03fc4e8\" data-element_type=\"container\" data-e-type=\"container\">\n\t\t\t\t<div class=\"elementor-element elementor-element-8149980 elementor-widget elementor-widget-image\" data-id=\"8149980\" data-element_type=\"widget\" data-e-type=\"widget\" data-widget_type=\"image.default\">\n\t\t\t\t<div class=\"elementor-widget-container\">\n\t\t\t\t\t\t\t\t\t\t\t\t\t\t\t<img fetchpriority=\"high\" decoding=\"async\" width=\"699\" height=\"1024\" src=\"https:\/\/carmevelez.com\/wp-content\/uploads\/2025\/08\/cv-img-016-699x1024.jpg\" class=\"attachment-large size-large wp-image-2393\" alt=\"\" srcset=\"https:\/\/carmevelez.com\/wp-content\/uploads\/2025\/08\/cv-img-016-699x1024.jpg 699w, https:\/\/carmevelez.com\/wp-content\/uploads\/2025\/08\/cv-img-016-205x300.jpg 205w, https:\/\/carmevelez.com\/wp-content\/uploads\/2025\/08\/cv-img-016-768x1126.jpg 768w, https:\/\/carmevelez.com\/wp-content\/uploads\/2025\/08\/cv-img-016.jpg 816w\" sizes=\"(max-width: 699px) 100vw, 699px\" \/>\t\t\t\t\t\t\t\t\t\t\t\t\t\t\t<\/div>\n\t\t\t\t<\/div>\n\t\t\t\t<\/div>\n\t\t<div class=\"elementor-element elementor-element-529515a e-con-full e-flex e-con e-child\" data-id=\"529515a\" data-element_type=\"container\" data-e-type=\"container\">\n\t\t\t\t<div class=\"elementor-element elementor-element-6961197 elementor-widget elementor-widget-heading\" data-id=\"6961197\" data-element_type=\"widget\" data-e-type=\"widget\" data-widget_type=\"heading.default\">\n\t\t\t\t<div class=\"elementor-widget-container\">\n\t\t\t\t\t<h2 class=\"elementor-heading-title elementor-size-default\">Espacios naturales protegidos<\/h2>\t\t\t\t<\/div>\n\t\t\t\t<\/div>\n\t\t\t\t<div class=\"elementor-element elementor-element-2049403 elementor-widget elementor-widget-text-editor\" data-id=\"2049403\" data-element_type=\"widget\" data-e-type=\"widget\" data-widget_type=\"text-editor.default\">\n\t\t\t\t<div class=\"elementor-widget-container\">\n\t\t\t\t\t\t\t\t\t<p>Acompa\u00f1amiento en la formulaci\u00f3n de estrategias para hacer compatible el turismo con la conservaci\u00f3n y desarrollo econ\u00f3mico y social.<\/p>\t\t\t\t\t\t\t\t<\/div>\n\t\t\t\t<\/div>\n\t\t\t\t<div class=\"elementor-element elementor-element-9a7ff70 elementor-widget elementor-widget-text-editor\" data-id=\"9a7ff70\" data-element_type=\"widget\" data-e-type=\"widget\" data-widget_type=\"text-editor.default\">\n\t\t\t\t<div class=\"elementor-widget-container\">\n\t\t\t\t\t\t\t\t\t<p>An\u00e1lisis de situaci\u00f3n, trabajando sobre terreno y de la mano de los agentes clave, para formular <strong>planes estrat\u00e9gicos y\/o planes de acci\u00f3n<\/strong> para conseguir un turismo sostenible.<\/p><p><strong>Comunicaci\u00f3n<\/strong> de valores naturales y culturales del espacio protegido.<\/p><p><strong>Sensibilizaci\u00f3n<\/strong> de usuarios y visitantes sobre la fragilidad del espacio.<\/p><p>Identificaci\u00f3n de problem\u00e1ticas y definici\u00f3n de actuaciones para <strong>gestionar los flujos<\/strong> de visitantes.<\/p><p>Creaci\u00f3n y dinamizaci\u00f3n de <strong>producto ecotur\u00edstico<\/strong>.<\/p><p>Trabajo en <strong>red entre los agentes implicados<\/strong> en el desarrollo tur\u00edstico del espacio natural protegido (empresas, comunidad y administraciones).<\/p>\t\t\t\t\t\t\t\t<\/div>\n\t\t\t\t<\/div>\n\t\t<div class=\"elementor-element elementor-element-5f15fc9 e-con-full e-flex e-con e-child\" data-id=\"5f15fc9\" data-element_type=\"container\" data-e-type=\"container\" data-settings=\"{&quot;background_background&quot;:&quot;classic&quot;}\">\n\t\t\t\t<div class=\"elementor-element elementor-element-2fa835f elementor-widget elementor-widget-text-editor\" data-id=\"2fa835f\" data-element_type=\"widget\" data-e-type=\"widget\" data-widget_type=\"text-editor.default\">\n\t\t\t\t<div class=\"elementor-widget-container\">\n\t\t\t\t\t\t\t\t\t<p>La Carta Europea de Turismo Sostenible es una herramienta de gesti\u00f3n especialmente dise\u00f1ada para hacer compatible el turismo con la conservaci\u00f3n del espacio protegido.<\/p><p>Carme V\u00e9lez es auditora acreditada por la Federaci\u00f3n Europarc para verificar la aplicaci\u00f3n de los principios de la Carta Europea del Turismo Sostenible en espacios adheridos a la red.<\/p><p>Desde 2017, trabajamos en la implementaci\u00f3n de las estrategias de turismo sostenible de los Parques Naturales del Montgr\u00ed, las Islas Medas y el Baix Ter y Zona Volc\u00e1nica de la Garrotxa.<\/p>\t\t\t\t\t\t\t\t<\/div>\n\t\t\t\t<\/div>\n\t\t\t\t<\/div>\n\t\t\t\t<div class=\"elementor-element elementor-element-012908a elementor-widget-divider--view-line elementor-widget elementor-widget-divider\" data-id=\"012908a\" data-element_type=\"widget\" data-e-type=\"widget\" data-widget_type=\"divider.default\">\n\t\t\t\t<div class=\"elementor-widget-container\">\n\t\t\t\t\t\t\t<div class=\"elementor-divider\">\n\t\t\t<span class=\"elementor-divider-separator\">\n\t\t\t\t\t\t<\/span>\n\t\t<\/div>\n\t\t\t\t\t\t<\/div>\n\t\t\t\t<\/div>\n\t\t\t\t<div class=\"elementor-element elementor-element-a03e91a elementor-widget elementor-widget-text-editor\" data-id=\"a03e91a\" data-element_type=\"widget\" data-e-type=\"widget\" data-widget_type=\"text-editor.default\">\n\t\t\t\t<div class=\"elementor-widget-container\">\n\t\t\t\t\t\t\t\t\t<p>Descubre otros servicios<\/p>\t\t\t\t\t\t\t\t<\/div>\n\t\t\t\t<\/div>\n\t\t<div class=\"elementor-element elementor-element-9c83609 e-con-full e-flex e-con e-child\" data-id=\"9c83609\" data-element_type=\"container\" data-e-type=\"container\">\n\t\t\t\t<div class=\"elementor-element elementor-element-90fa20e elementor-widget elementor-widget-button\" data-id=\"90fa20e\" data-element_type=\"widget\" data-e-type=\"widget\" data-widget_type=\"button.default\">\n\t\t\t\t<div class=\"elementor-widget-container\">\n\t\t\t\t\t\t\t\t\t<div class=\"elementor-button-wrapper\">\n\t\t\t\t\t<a class=\"elementor-button elementor-button-link elementor-size-sm\" href=\"https:\/\/carmevelez.com\/es\/destinos\/\">\n\t\t\t\t\t\t<span class=\"elementor-button-content-wrapper\">\n\t\t\t\t\t\t\t\t\t<span class=\"elementor-button-text\">Destinos<\/span>\n\t\t\t\t\t<\/span>\n\t\t\t\t\t<\/a>\n\t\t\t\t<\/div>\n\t\t\t\t\t\t\t\t<\/div>\n\t\t\t\t<\/div>\n\t\t\t\t<div class=\"elementor-element elementor-element-82029c8 elementor-widget elementor-widget-button\" data-id=\"82029c8\" data-element_type=\"widget\" data-e-type=\"widget\" data-widget_type=\"button.default\">\n\t\t\t\t<div class=\"elementor-widget-container\">\n\t\t\t\t\t\t\t\t\t<div class=\"elementor-button-wrapper\">\n\t\t\t\t\t<a class=\"elementor-button elementor-button-link elementor-size-sm\" href=\"https:\/\/carmevelez.com\/es\/empresas\/\">\n\t\t\t\t\t\t<span class=\"elementor-button-content-wrapper\">\n\t\t\t\t\t\t\t\t\t<span class=\"elementor-button-text\">Empresas<\/span>\n\t\t\t\t\t<\/span>\n\t\t\t\t\t<\/a>\n\t\t\t\t<\/div>\n\t\t\t\t\t\t\t\t<\/div>\n\t\t\t\t<\/div>\n\t\t\t\t<\/div>\n\t\t\t\t<\/div>\n\t\t\t\t\t<\/div>\n\t\t\t\t<\/div>\n\t\t\t\t<\/div>\n\t\t","protected":false},"excerpt":{"rendered":"<p>Te acompa\u00f1amos en la formulaci\u00f3n de estrategias para hacer compatible el turismo con la conservaci\u00f3n y desarrollo econ\u00f3mico y social.<\/p>\n","protected":false},"author":3,"featured_media":809,"parent":0,"menu_order":0,"comment_status":"closed","ping_status":"closed","template":"","meta":{"footnotes":""},"class_list":["post-1491","page","type-page","status-publish","has-post-thumbnail","hentry"],"yoast_head":"<!-- This site is optimized with the Yoast SEO plugin v27.4 - https:\/\/yoast.com\/product\/yoast-seo-wordpress\/ -->\n<title>Espacios Naturales Protegidos - Carme Velez<\/title>\n<meta name=\"robots\" content=\"index, follow, max-snippet:-1, max-image-preview:large, max-video-preview:-1\" \/>\n<link rel=\"canonical\" href=\"https:\/\/carmevelez.com\/es\/espacios-naturales-protegidos\/\" \/>\n<meta property=\"og:locale\" content=\"es_ES\" \/>\n<meta property=\"og:type\" content=\"article\" \/>\n<meta property=\"og:title\" content=\"Espacios Naturales Protegidos - Carme Velez\" \/>\n<meta property=\"og:description\" content=\"Te acompa\u00f1amos en la formulaci\u00f3n de estrategias para hacer compatible el turismo con la conservaci\u00f3n y desarrollo econ\u00f3mico y social.\" \/>\n<meta property=\"og:url\" content=\"https:\/\/carmevelez.com\/es\/espacios-naturales-protegidos\/\" \/>\n<meta property=\"og:site_name\" content=\"Carme Velez\" \/>\n<meta property=\"article:modified_time\" content=\"2025-08-08T10:03:18+00:00\" \/>\n<meta property=\"og:image\" content=\"https:\/\/carmevelez.com\/wp-content\/uploads\/2025\/01\/pexels-jack-redgate-333633-3049342-baixa.jpg\" \/>\n\t<meta property=\"og:image:width\" content=\"408\" \/>\n\t<meta property=\"og:image:height\" content=\"598\" \/>\n\t<meta property=\"og:image:type\" content=\"image\/jpeg\" \/>\n<meta name=\"twitter:card\" content=\"summary_large_image\" \/>\n<meta name=\"twitter:label1\" content=\"Tiempo de lectura\" \/>\n\t<meta name=\"twitter:data1\" content=\"1 minuto\" \/>\n<script type=\"application\/ld+json\" class=\"yoast-schema-graph\">{\"@context\":\"https:\\\/\\\/schema.org\",\"@graph\":[{\"@type\":\"WebPage\",\"@id\":\"https:\\\/\\\/carmevelez.com\\\/es\\\/espacios-naturales-protegidos\\\/\",\"url\":\"https:\\\/\\\/carmevelez.com\\\/es\\\/espacios-naturales-protegidos\\\/\",\"name\":\"Espacios Naturales Protegidos - Carme Velez\",\"isPartOf\":{\"@id\":\"https:\\\/\\\/carmevelez.com\\\/es\\\/#website\"},\"primaryImageOfPage\":{\"@id\":\"https:\\\/\\\/carmevelez.com\\\/es\\\/espacios-naturales-protegidos\\\/#primaryimage\"},\"image\":{\"@id\":\"https:\\\/\\\/carmevelez.com\\\/es\\\/espacios-naturales-protegidos\\\/#primaryimage\"},\"thumbnailUrl\":\"https:\\\/\\\/carmevelez.com\\\/wp-content\\\/uploads\\\/2025\\\/01\\\/pexels-jack-redgate-333633-3049342-baixa.jpg\",\"datePublished\":\"2025-01-20T22:37:25+00:00\",\"dateModified\":\"2025-08-08T10:03:18+00:00\",\"breadcrumb\":{\"@id\":\"https:\\\/\\\/carmevelez.com\\\/es\\\/espacios-naturales-protegidos\\\/#breadcrumb\"},\"inLanguage\":\"es\",\"potentialAction\":[{\"@type\":\"ReadAction\",\"target\":[\"https:\\\/\\\/carmevelez.com\\\/es\\\/espacios-naturales-protegidos\\\/\"]}]},{\"@type\":\"ImageObject\",\"inLanguage\":\"es\",\"@id\":\"https:\\\/\\\/carmevelez.com\\\/es\\\/espacios-naturales-protegidos\\\/#primaryimage\",\"url\":\"https:\\\/\\\/carmevelez.com\\\/wp-content\\\/uploads\\\/2025\\\/01\\\/pexels-jack-redgate-333633-3049342-baixa.jpg\",\"contentUrl\":\"https:\\\/\\\/carmevelez.com\\\/wp-content\\\/uploads\\\/2025\\\/01\\\/pexels-jack-redgate-333633-3049342-baixa.jpg\",\"width\":408,\"height\":598},{\"@type\":\"BreadcrumbList\",\"@id\":\"https:\\\/\\\/carmevelez.com\\\/es\\\/espacios-naturales-protegidos\\\/#breadcrumb\",\"itemListElement\":[{\"@type\":\"ListItem\",\"position\":1,\"name\":\"Inici\",\"item\":\"https:\\\/\\\/carmevelez.com\\\/es\\\/\"},{\"@type\":\"ListItem\",\"position\":2,\"name\":\"Espacios Naturales Protegidos\"}]},{\"@type\":\"WebSite\",\"@id\":\"https:\\\/\\\/carmevelez.com\\\/es\\\/#website\",\"url\":\"https:\\\/\\\/carmevelez.com\\\/es\\\/\",\"name\":\"Carme Velez\",\"description\":\"\",\"potentialAction\":[{\"@type\":\"SearchAction\",\"target\":{\"@type\":\"EntryPoint\",\"urlTemplate\":\"https:\\\/\\\/carmevelez.com\\\/es\\\/?s={search_term_string}\"},\"query-input\":{\"@type\":\"PropertyValueSpecification\",\"valueRequired\":true,\"valueName\":\"search_term_string\"}}],\"inLanguage\":\"es\"}]}<\/script>\n<!-- \/ Yoast SEO plugin. -->","yoast_head_json":{"title":"Espacios Naturales Protegidos - Carme Velez","robots":{"index":"index","follow":"follow","max-snippet":"max-snippet:-1","max-image-preview":"max-image-preview:large","max-video-preview":"max-video-preview:-1"},"canonical":"https:\/\/carmevelez.com\/es\/espacios-naturales-protegidos\/","og_locale":"es_ES","og_type":"article","og_title":"Espacios Naturales Protegidos - Carme Velez","og_description":"Te acompa\u00f1amos en la formulaci\u00f3n de estrategias para hacer compatible el turismo con la conservaci\u00f3n y desarrollo econ\u00f3mico y social.","og_url":"https:\/\/carmevelez.com\/es\/espacios-naturales-protegidos\/","og_site_name":"Carme Velez","article_modified_time":"2025-08-08T10:03:18+00:00","og_image":[{"width":408,"height":598,"url":"https:\/\/carmevelez.com\/wp-content\/uploads\/2025\/01\/pexels-jack-redgate-333633-3049342-baixa.jpg","type":"image\/jpeg"}],"twitter_card":"summary_large_image","twitter_misc":{"Tiempo de lectura":"1 minuto"},"schema":{"@context":"https:\/\/schema.org","@graph":[{"@type":"WebPage","@id":"https:\/\/carmevelez.com\/es\/espacios-naturales-protegidos\/","url":"https:\/\/carmevelez.com\/es\/espacios-naturales-protegidos\/","name":"Espacios Naturales Protegidos - Carme Velez","isPartOf":{"@id":"https:\/\/carmevelez.com\/es\/#website"},"primaryImageOfPage":{"@id":"https:\/\/carmevelez.com\/es\/espacios-naturales-protegidos\/#primaryimage"},"image":{"@id":"https:\/\/carmevelez.com\/es\/espacios-naturales-protegidos\/#primaryimage"},"thumbnailUrl":"https:\/\/carmevelez.com\/wp-content\/uploads\/2025\/01\/pexels-jack-redgate-333633-3049342-baixa.jpg","datePublished":"2025-01-20T22:37:25+00:00","dateModified":"2025-08-08T10:03:18+00:00","breadcrumb":{"@id":"https:\/\/carmevelez.com\/es\/espacios-naturales-protegidos\/#breadcrumb"},"inLanguage":"es","potentialAction":[{"@type":"ReadAction","target":["https:\/\/carmevelez.com\/es\/espacios-naturales-protegidos\/"]}]},{"@type":"ImageObject","inLanguage":"es","@id":"https:\/\/carmevelez.com\/es\/espacios-naturales-protegidos\/#primaryimage","url":"https:\/\/carmevelez.com\/wp-content\/uploads\/2025\/01\/pexels-jack-redgate-333633-3049342-baixa.jpg","contentUrl":"https:\/\/carmevelez.com\/wp-content\/uploads\/2025\/01\/pexels-jack-redgate-333633-3049342-baixa.jpg","width":408,"height":598},{"@type":"BreadcrumbList","@id":"https:\/\/carmevelez.com\/es\/espacios-naturales-protegidos\/#breadcrumb","itemListElement":[{"@type":"ListItem","position":1,"name":"Inici","item":"https:\/\/carmevelez.com\/es\/"},{"@type":"ListItem","position":2,"name":"Espacios Naturales Protegidos"}]},{"@type":"WebSite","@id":"https:\/\/carmevelez.com\/es\/#website","url":"https:\/\/carmevelez.com\/es\/","name":"Carme Velez","description":"","potentialAction":[{"@type":"SearchAction","target":{"@type":"EntryPoint","urlTemplate":"https:\/\/carmevelez.com\/es\/?s={search_term_string}"},"query-input":{"@type":"PropertyValueSpecification","valueRequired":true,"valueName":"search_term_string"}}],"inLanguage":"es"}]}},"_links":{"self":[{"href":"https:\/\/carmevelez.com\/es\/wp-json\/wp\/v2\/pages\/1491","targetHints":{"allow":["GET"]}}],"collection":[{"href":"https:\/\/carmevelez.com\/es\/wp-json\/wp\/v2\/pages"}],"about":[{"href":"https:\/\/carmevelez.com\/es\/wp-json\/wp\/v2\/types\/page"}],"author":[{"embeddable":true,"href":"https:\/\/carmevelez.com\/es\/wp-json\/wp\/v2\/users\/3"}],"replies":[{"embeddable":true,"href":"https:\/\/carmevelez.com\/es\/wp-json\/wp\/v2\/comments?post=1491"}],"version-history":[{"count":9,"href":"https:\/\/carmevelez.com\/es\/wp-json\/wp\/v2\/pages\/1491\/revisions"}],"predecessor-version":[{"id":2405,"href":"https:\/\/carmevelez.com\/es\/wp-json\/wp\/v2\/pages\/1491\/revisions\/2405"}],"wp:featuredmedia":[{"embeddable":true,"href":"https:\/\/carmevelez.com\/es\/wp-json\/wp\/v2\/media\/809"}],"wp:attachment":[{"href":"https:\/\/carmevelez.com\/es\/wp-json\/wp\/v2\/media?parent=1491"}],"curies":[{"name":"wp","href":"https:\/\/api.w.org\/{rel}","templated":true}]}}